{"id":721,"date":"2017-12-20T13:49:29","date_gmt":"2017-12-20T12:49:29","guid":{"rendered":"http:\/\/beade.es\/aviso-legal\/"},"modified":"2018-02-02T17:06:54","modified_gmt":"2018-02-02T16:06:54","slug":"aviso-legal","status":"publish","type":"page","link":"https:\/\/beade.es\/es\/aviso-legal\/","title":{"rendered":"Aviso legal y pol\u00edtica de privacidad"},"content":{"rendered":"<h2>Dominio<\/h2>\n<p>O Concello de Beade \u00e9 o titular do seguinte dominio: <a href=\"http:\/\/beade.es\/\">beade.es<\/a><\/p>\n<h2>Proteci\u00f3n de datos<\/h2>\n<p>O Concello de Beade adoptou os niveis de seguridade de protecci\u00f3n dos datos persoais legalmente requiridos, e instalou os medios e medidas t\u00e9cnicas o seu alcance para evitar a p\u00e9rda, mal uso, alteraci\u00f3n, acceso non autorizado e roubo dos datos persoais facilitados. Malia iso, o usuario ten que ser consciente de que as medidas de seguridade en Internet no son inexpugnables.<\/p>\n<p>O Concello de Beade, garantiza a confidencialidade dos datos de car\u00e1cter persoal facilitados polos usuarios e seu tratamento automatizado de acordo \u00e1 lexislaci\u00f3n vixente sobre protecci\u00f3n de datos de car\u00e1cter persoal (Lei Org\u00e1nica 15\/99, de 13 de decembro, de Protecci\u00f3n de Datos de Car\u00e1cter Persoal, o Real Decreto 994\/1999, de 11 de xu\u00f1o, polo que se aproba o Regulamento de medidas de seguridade dos arquivos automatizados que conte\u00f1an datos de car\u00e1cter persoal, as\u00ed como toda a normativa aplicable nesta materia.<\/p>\n<p>O interesado poder\u00e1 exercer seus dereitos de acceso, rectificaci\u00f3n, cancelaci\u00f3n e oposici\u00f3n, nos termos establecidos na lexislaci\u00f3n aplicable, por escrito dirixido \u00f3 Concello de Beade.<\/p>\n<p>En ning\u00fan caso o Concello de Beade utilizar\u00e1 os datos persoais para outro fin que no sexa establecer contacto co usuario, cando o motivo as\u00ed o requira.<\/p>\n<h2>Dereitos e responsabilidades<\/h2>\n<p>O Concello de Beade \u00e9 titular dos dereitos de propiedade intelectual do dese\u00f1o e c\u00f3digos que se recollen nos dominios de Internet mencionados arriba, ag\u00e1s que se faga referencia expresa en senso contrario.<\/p>\n<p>O usuario reco\u00f1ece e acepta que o uso dos contidos e servizos ofrecidos polo Concello de Beade na s\u00faa web real\u00edzase baixo o seu \u00fanico e exclusivo risco e responsabilidade.<\/p>\n","protected":false},"excerpt":{"rendered":"<p>Dominio O Concello de Beade \u00e9 o titular do seguinte dominio: beade.es Proteci\u00f3n de datos O Concello de Beade adoptou os niveis de seguridade de protecci\u00f3n dos datos persoais legalmente requiridos, e instalou os medios e medidas t\u00e9cnicas o seu alcance para evitar a p\u00e9rda, mal uso, alteraci\u00f3n, acceso non autorizado e roubo dos datos [&hellip;]<\/p>\n","protected":false},"author":2,"featured_media":0,"parent":0,"menu_order":10,"comment_status":"closed","ping_status":"closed","template":"","meta":[],"yoast_head":"<!-- This site is optimized with the Yoast SEO plugin v20.10 - https:\/\/yoast.com\/wordpress\/plugins\/seo\/ -->\n<title>Aviso legal y pol\u00edtica de privacidad | Concello de Beade<\/title>\n<meta name=\"robots\" content=\"index, follow, max-snippet:-1, max-image-preview:large, max-video-preview:-1\" \/>\n<link rel=\"canonical\" href=\"https:\/\/beade.es\/es\/aviso-legal\/\" \/>\n<meta property=\"og:locale\" content=\"es_ES\" \/>\n<meta property=\"og:type\" content=\"article\" \/>\n<meta property=\"og:title\" content=\"Aviso legal y pol\u00edtica de privacidad | Concello de Beade\" \/>\n<meta property=\"og:description\" content=\"Dominio O Concello de Beade \u00e9 o titular do seguinte dominio: beade.es Proteci\u00f3n de datos O Concello de Beade adoptou os niveis de seguridade de protecci\u00f3n dos datos persoais legalmente requiridos, e instalou os medios e medidas t\u00e9cnicas o seu alcance para evitar a p\u00e9rda, mal uso, alteraci\u00f3n, acceso non autorizado e roubo dos datos [&hellip;]\" \/>\n<meta property=\"og:url\" content=\"https:\/\/beade.es\/es\/aviso-legal\/\" \/>\n<meta property=\"og:site_name\" content=\"Concello de Beade\" \/>\n<meta property=\"article:modified_time\" content=\"2018-02-02T16:06:54+00:00\" \/>\n<meta name=\"twitter:card\" content=\"summary_large_image\" \/>\n<meta name=\"twitter:label1\" content=\"Tiempo de lectura\" \/>\n\t<meta name=\"twitter:data1\" content=\"1 minuto\" \/>\n<script type=\"application\/ld+json\" class=\"yoast-schema-graph\">{\"@context\":\"https:\/\/schema.org\",\"@graph\":[{\"@type\":\"WebPage\",\"@id\":\"https:\/\/beade.es\/es\/aviso-legal\/\",\"url\":\"https:\/\/beade.es\/es\/aviso-legal\/\",\"name\":\"Aviso legal y pol\u00edtica de privacidad | Concello de Beade\",\"isPartOf\":{\"@id\":\"https:\/\/beade.es\/#website\"},\"datePublished\":\"2017-12-20T12:49:29+00:00\",\"dateModified\":\"2018-02-02T16:06:54+00:00\",\"breadcrumb\":{\"@id\":\"https:\/\/beade.es\/es\/aviso-legal\/#breadcrumb\"},\"inLanguage\":\"es\",\"potentialAction\":[{\"@type\":\"ReadAction\",\"target\":[\"https:\/\/beade.es\/es\/aviso-legal\/\"]}]},{\"@type\":\"BreadcrumbList\",\"@id\":\"https:\/\/beade.es\/es\/aviso-legal\/#breadcrumb\",\"itemListElement\":[{\"@type\":\"ListItem\",\"position\":1,\"name\":\"Portada\",\"item\":\"https:\/\/beade.es\/es\/frontpage\/\"},{\"@type\":\"ListItem\",\"position\":2,\"name\":\"Aviso legal y pol\u00edtica de privacidad\"}]},{\"@type\":\"WebSite\",\"@id\":\"https:\/\/beade.es\/#website\",\"url\":\"https:\/\/beade.es\/\",\"name\":\"Concello de Beade\",\"description\":\"P\u00e1xina oficial do Concello de Beade\",\"publisher\":{\"@id\":\"https:\/\/beade.es\/#organization\"},\"potentialAction\":[{\"@type\":\"SearchAction\",\"target\":{\"@type\":\"EntryPoint\",\"urlTemplate\":\"https:\/\/beade.es\/?s={search_term_string}\"},\"query-input\":\"required name=search_term_string\"}],\"inLanguage\":\"es\"},{\"@type\":\"Organization\",\"@id\":\"https:\/\/beade.es\/#organization\",\"name\":\"Concello de Beade\",\"url\":\"https:\/\/beade.es\/\",\"logo\":{\"@type\":\"ImageObject\",\"inLanguage\":\"es\",\"@id\":\"https:\/\/beade.es\/#\/schema\/logo\/image\/\",\"url\":\"https:\/\/beade.es\/wp-content\/uploads\/2018\/01\/logo-beade.png\",\"contentUrl\":\"https:\/\/beade.es\/wp-content\/uploads\/2018\/01\/logo-beade.png\",\"width\":380,\"height\":110,\"caption\":\"Concello de Beade\"},\"image\":{\"@id\":\"https:\/\/beade.es\/#\/schema\/logo\/image\/\"}}]}<\/script>\n<!-- \/ Yoast SEO plugin. -->","yoast_head_json":{"title":"Aviso legal y pol\u00edtica de privacidad | Concello de Beade","robots":{"index":"index","follow":"follow","max-snippet":"max-snippet:-1","max-image-preview":"max-image-preview:large","max-video-preview":"max-video-preview:-1"},"canonical":"https:\/\/beade.es\/es\/aviso-legal\/","og_locale":"es_ES","og_type":"article","og_title":"Aviso legal y pol\u00edtica de privacidad | Concello de Beade","og_description":"Dominio O Concello de Beade \u00e9 o titular do seguinte dominio: beade.es Proteci\u00f3n de datos O Concello de Beade adoptou os niveis de seguridade de protecci\u00f3n dos datos persoais legalmente requiridos, e instalou os medios e medidas t\u00e9cnicas o seu alcance para evitar a p\u00e9rda, mal uso, alteraci\u00f3n, acceso non autorizado e roubo dos datos [&hellip;]","og_url":"https:\/\/beade.es\/es\/aviso-legal\/","og_site_name":"Concello de Beade","article_modified_time":"2018-02-02T16:06:54+00:00","twitter_card":"summary_large_image","twitter_misc":{"Tiempo de lectura":"1 minuto"},"schema":{"@context":"https:\/\/schema.org","@graph":[{"@type":"WebPage","@id":"https:\/\/beade.es\/es\/aviso-legal\/","url":"https:\/\/beade.es\/es\/aviso-legal\/","name":"Aviso legal y pol\u00edtica de privacidad | Concello de Beade","isPartOf":{"@id":"https:\/\/beade.es\/#website"},"datePublished":"2017-12-20T12:49:29+00:00","dateModified":"2018-02-02T16:06:54+00:00","breadcrumb":{"@id":"https:\/\/beade.es\/es\/aviso-legal\/#breadcrumb"},"inLanguage":"es","potentialAction":[{"@type":"ReadAction","target":["https:\/\/beade.es\/es\/aviso-legal\/"]}]},{"@type":"BreadcrumbList","@id":"https:\/\/beade.es\/es\/aviso-legal\/#breadcrumb","itemListElement":[{"@type":"ListItem","position":1,"name":"Portada","item":"https:\/\/beade.es\/es\/frontpage\/"},{"@type":"ListItem","position":2,"name":"Aviso legal y pol\u00edtica de privacidad"}]},{"@type":"WebSite","@id":"https:\/\/beade.es\/#website","url":"https:\/\/beade.es\/","name":"Concello de Beade","description":"P\u00e1xina oficial do Concello de Beade","publisher":{"@id":"https:\/\/beade.es\/#organization"},"potentialAction":[{"@type":"SearchAction","target":{"@type":"EntryPoint","urlTemplate":"https:\/\/beade.es\/?s={search_term_string}"},"query-input":"required name=search_term_string"}],"inLanguage":"es"},{"@type":"Organization","@id":"https:\/\/beade.es\/#organization","name":"Concello de Beade","url":"https:\/\/beade.es\/","logo":{"@type":"ImageObject","inLanguage":"es","@id":"https:\/\/beade.es\/#\/schema\/logo\/image\/","url":"https:\/\/beade.es\/wp-content\/uploads\/2018\/01\/logo-beade.png","contentUrl":"https:\/\/beade.es\/wp-content\/uploads\/2018\/01\/logo-beade.png","width":380,"height":110,"caption":"Concello de Beade"},"image":{"@id":"https:\/\/beade.es\/#\/schema\/logo\/image\/"}}]}},"_links":{"self":[{"href":"https:\/\/beade.es\/es\/wp-json\/wp\/v2\/pages\/721"}],"collection":[{"href":"https:\/\/beade.es\/es\/wp-json\/wp\/v2\/pages"}],"about":[{"href":"https:\/\/beade.es\/es\/wp-json\/wp\/v2\/types\/page"}],"author":[{"embeddable":true,"href":"https:\/\/beade.es\/es\/wp-json\/wp\/v2\/users\/2"}],"replies":[{"embeddable":true,"href":"https:\/\/beade.es\/es\/wp-json\/wp\/v2\/comments?post=721"}],"version-history":[{"count":1,"href":"https:\/\/beade.es\/es\/wp-json\/wp\/v2\/pages\/721\/revisions"}],"predecessor-version":[{"id":734,"href":"https:\/\/beade.es\/es\/wp-json\/wp\/v2\/pages\/721\/revisions\/734"}],"wp:attachment":[{"href":"https:\/\/beade.es\/es\/wp-json\/wp\/v2\/media?parent=721"}],"curies":[{"name":"wp","href":"https:\/\/api.w.org\/{rel}","templated":true}]}}