{"id":711,"date":"2018-01-25T09:49:10","date_gmt":"2018-01-25T08:49:10","guid":{"rendered":"http:\/\/beade.es\/sede-electronica\/"},"modified":"2018-01-25T09:49:10","modified_gmt":"2018-01-25T08:49:10","slug":"sede-electronica","status":"publish","type":"page","link":"https:\/\/beade.es\/es\/sede-electronica\/","title":{"rendered":"Sede electr\u00f3nica"},"content":{"rendered":"<p>[vc_row][vc_column][vc_single_image image=\u00bb491&#8243; img_size=\u00bbfull\u00bb alignment=\u00bbcenter\u00bb][vc_cta h2=\u00bbOs tr\u00e1mites co Concello\u00bb shape=\u00bbsquare\u00bb add_button=\u00bbbottom\u00bb btn_title=\u00bbAcceder \u00e1 Sede Electr\u00f3nica\u00bb btn_color=\u00bbgreen\u00bb btn_size=\u00bbsm\u00bb btn_i_icon_fontawesome=\u00bbfa fa-chevron-right\u00bb add_icon=\u00bbleft\u00bb i_icon_fontawesome=\u00bbfa fa-link\u00bb i_color=\u00bbgreen\u00bb btn_add_icon=\u00bbtrue\u00bb btn_link=\u00bburl:http%3A%2F%2Fbeade.sedelectronica.gal%2F||target:%20_blank|\u00bb]Podes facer os tr\u00e1mites co Concello directamente desde a nosa propia Sede Electr\u00f3nica. Sen moverte de casa, r\u00e1pido e sinxelo.[\/vc_cta][vc_column_text]Na Sede Electr\u00f3nica podes atopar informaci\u00f3n sobre os tr\u00e1mites e procedementos que dispone o Concello de Beade.[\/vc_column_text][\/vc_column][\/vc_row]\n","protected":false},"excerpt":{"rendered":"<p>[vc_row][vc_column][vc_single_image image=\u00bb491&#8243; img_size=\u00bbfull\u00bb alignment=\u00bbcenter\u00bb][vc_cta h2=\u00bbOs tr\u00e1mites co Concello\u00bb shape=\u00bbsquare\u00bb add_button=\u00bbbottom\u00bb btn_title=\u00bbAcceder \u00e1 Sede Electr\u00f3nica\u00bb btn_color=\u00bbgreen\u00bb btn_size=\u00bbsm\u00bb btn_i_icon_fontawesome=\u00bbfa fa-chevron-right\u00bb add_icon=\u00bbleft\u00bb i_icon_fontawesome=\u00bbfa fa-link\u00bb i_color=\u00bbgreen\u00bb btn_add_icon=\u00bbtrue\u00bb btn_link=\u00bburl:http%3A%2F%2Fbeade.sedelectronica.gal%2F||target:%20_blank|\u00bb]Podes facer os tr\u00e1mites co Concello directamente desde a nosa propia Sede Electr\u00f3nica. Sen moverte de casa, r\u00e1pido e sinxelo.[\/vc_cta][vc_column_text]Na Sede Electr\u00f3nica podes atopar informaci\u00f3n sobre os tr\u00e1mites e procedementos que dispone [&hellip;]<\/p>\n","protected":false},"author":2,"featured_media":0,"parent":0,"menu_order":0,"comment_status":"closed","ping_status":"closed","template":"","meta":[],"yoast_head":"<!-- This site is optimized with the Yoast SEO plugin v20.10 - https:\/\/yoast.com\/wordpress\/plugins\/seo\/ -->\n<title>Sede electr\u00f3nica | Concello de Beade<\/title>\n<meta name=\"robots\" content=\"index, follow, max-snippet:-1, max-image-preview:large, max-video-preview:-1\" \/>\n<link rel=\"canonical\" href=\"https:\/\/beade.es\/es\/sede-electronica\/\" \/>\n<meta property=\"og:locale\" content=\"es_ES\" \/>\n<meta property=\"og:type\" content=\"article\" \/>\n<meta property=\"og:title\" content=\"Sede electr\u00f3nica | Concello de Beade\" \/>\n<meta property=\"og:description\" content=\"[vc_row][vc_column][vc_single_image image=\u00bb491&#8243; img_size=\u00bbfull\u00bb alignment=\u00bbcenter\u00bb][vc_cta h2=\u00bbOs tr\u00e1mites co Concello\u00bb shape=\u00bbsquare\u00bb add_button=\u00bbbottom\u00bb btn_title=\u00bbAcceder \u00e1 Sede Electr\u00f3nica\u00bb btn_color=\u00bbgreen\u00bb btn_size=\u00bbsm\u00bb btn_i_icon_fontawesome=\u00bbfa fa-chevron-right\u00bb add_icon=\u00bbleft\u00bb i_icon_fontawesome=\u00bbfa fa-link\u00bb i_color=\u00bbgreen\u00bb btn_add_icon=\u00bbtrue\u00bb btn_link=\u00bburl:http%3A%2F%2Fbeade.sedelectronica.gal%2F||target:%20_blank|\u00bb]Podes facer os tr\u00e1mites co Concello directamente desde a nosa propia Sede Electr\u00f3nica. Sen moverte de casa, r\u00e1pido e sinxelo.[\/vc_cta][vc_column_text]Na Sede Electr\u00f3nica podes atopar informaci\u00f3n sobre os tr\u00e1mites e procedementos que dispone [&hellip;]\" \/>\n<meta property=\"og:url\" content=\"https:\/\/beade.es\/es\/sede-electronica\/\" \/>\n<meta property=\"og:site_name\" content=\"Concello de Beade\" \/>\n<meta name=\"twitter:card\" content=\"summary_large_image\" \/>\n<meta name=\"twitter:label1\" content=\"Tiempo de lectura\" \/>\n\t<meta name=\"twitter:data1\" content=\"1 minuto\" \/>\n<script type=\"application\/ld+json\" class=\"yoast-schema-graph\">{\"@context\":\"https:\/\/schema.org\",\"@graph\":[{\"@type\":\"WebPage\",\"@id\":\"https:\/\/beade.es\/es\/sede-electronica\/\",\"url\":\"https:\/\/beade.es\/es\/sede-electronica\/\",\"name\":\"Sede electr\u00f3nica | Concello de Beade\",\"isPartOf\":{\"@id\":\"https:\/\/beade.es\/#website\"},\"datePublished\":\"2018-01-25T08:49:10+00:00\",\"dateModified\":\"2018-01-25T08:49:10+00:00\",\"breadcrumb\":{\"@id\":\"https:\/\/beade.es\/es\/sede-electronica\/#breadcrumb\"},\"inLanguage\":\"es\",\"potentialAction\":[{\"@type\":\"ReadAction\",\"target\":[\"https:\/\/beade.es\/es\/sede-electronica\/\"]}]},{\"@type\":\"BreadcrumbList\",\"@id\":\"https:\/\/beade.es\/es\/sede-electronica\/#breadcrumb\",\"itemListElement\":[{\"@type\":\"ListItem\",\"position\":1,\"name\":\"Portada\",\"item\":\"https:\/\/beade.es\/es\/frontpage\/\"},{\"@type\":\"ListItem\",\"position\":2,\"name\":\"Sede electr\u00f3nica\"}]},{\"@type\":\"WebSite\",\"@id\":\"https:\/\/beade.es\/#website\",\"url\":\"https:\/\/beade.es\/\",\"name\":\"Concello de Beade\",\"description\":\"P\u00e1xina oficial do Concello de Beade\",\"publisher\":{\"@id\":\"https:\/\/beade.es\/#organization\"},\"potentialAction\":[{\"@type\":\"SearchAction\",\"target\":{\"@type\":\"EntryPoint\",\"urlTemplate\":\"https:\/\/beade.es\/?s={search_term_string}\"},\"query-input\":\"required name=search_term_string\"}],\"inLanguage\":\"es\"},{\"@type\":\"Organization\",\"@id\":\"https:\/\/beade.es\/#organization\",\"name\":\"Concello de Beade\",\"url\":\"https:\/\/beade.es\/\",\"logo\":{\"@type\":\"ImageObject\",\"inLanguage\":\"es\",\"@id\":\"https:\/\/beade.es\/#\/schema\/logo\/image\/\",\"url\":\"https:\/\/beade.es\/wp-content\/uploads\/2018\/01\/logo-beade.png\",\"contentUrl\":\"https:\/\/beade.es\/wp-content\/uploads\/2018\/01\/logo-beade.png\",\"width\":380,\"height\":110,\"caption\":\"Concello de Beade\"},\"image\":{\"@id\":\"https:\/\/beade.es\/#\/schema\/logo\/image\/\"}}]}<\/script>\n<!-- \/ Yoast SEO plugin. -->","yoast_head_json":{"title":"Sede electr\u00f3nica | Concello de Beade","robots":{"index":"index","follow":"follow","max-snippet":"max-snippet:-1","max-image-preview":"max-image-preview:large","max-video-preview":"max-video-preview:-1"},"canonical":"https:\/\/beade.es\/es\/sede-electronica\/","og_locale":"es_ES","og_type":"article","og_title":"Sede electr\u00f3nica | Concello de Beade","og_description":"[vc_row][vc_column][vc_single_image image=\u00bb491&#8243; img_size=\u00bbfull\u00bb alignment=\u00bbcenter\u00bb][vc_cta h2=\u00bbOs tr\u00e1mites co Concello\u00bb shape=\u00bbsquare\u00bb add_button=\u00bbbottom\u00bb btn_title=\u00bbAcceder \u00e1 Sede Electr\u00f3nica\u00bb btn_color=\u00bbgreen\u00bb btn_size=\u00bbsm\u00bb btn_i_icon_fontawesome=\u00bbfa fa-chevron-right\u00bb add_icon=\u00bbleft\u00bb i_icon_fontawesome=\u00bbfa fa-link\u00bb i_color=\u00bbgreen\u00bb btn_add_icon=\u00bbtrue\u00bb btn_link=\u00bburl:http%3A%2F%2Fbeade.sedelectronica.gal%2F||target:%20_blank|\u00bb]Podes facer os tr\u00e1mites co Concello directamente desde a nosa propia Sede Electr\u00f3nica. Sen moverte de casa, r\u00e1pido e sinxelo.[\/vc_cta][vc_column_text]Na Sede Electr\u00f3nica podes atopar informaci\u00f3n sobre os tr\u00e1mites e procedementos que dispone [&hellip;]","og_url":"https:\/\/beade.es\/es\/sede-electronica\/","og_site_name":"Concello de Beade","twitter_card":"summary_large_image","twitter_misc":{"Tiempo de lectura":"1 minuto"},"schema":{"@context":"https:\/\/schema.org","@graph":[{"@type":"WebPage","@id":"https:\/\/beade.es\/es\/sede-electronica\/","url":"https:\/\/beade.es\/es\/sede-electronica\/","name":"Sede electr\u00f3nica | Concello de Beade","isPartOf":{"@id":"https:\/\/beade.es\/#website"},"datePublished":"2018-01-25T08:49:10+00:00","dateModified":"2018-01-25T08:49:10+00:00","breadcrumb":{"@id":"https:\/\/beade.es\/es\/sede-electronica\/#breadcrumb"},"inLanguage":"es","potentialAction":[{"@type":"ReadAction","target":["https:\/\/beade.es\/es\/sede-electronica\/"]}]},{"@type":"BreadcrumbList","@id":"https:\/\/beade.es\/es\/sede-electronica\/#breadcrumb","itemListElement":[{"@type":"ListItem","position":1,"name":"Portada","item":"https:\/\/beade.es\/es\/frontpage\/"},{"@type":"ListItem","position":2,"name":"Sede electr\u00f3nica"}]},{"@type":"WebSite","@id":"https:\/\/beade.es\/#website","url":"https:\/\/beade.es\/","name":"Concello de Beade","description":"P\u00e1xina oficial do Concello de Beade","publisher":{"@id":"https:\/\/beade.es\/#organization"},"potentialAction":[{"@type":"SearchAction","target":{"@type":"EntryPoint","urlTemplate":"https:\/\/beade.es\/?s={search_term_string}"},"query-input":"required name=search_term_string"}],"inLanguage":"es"},{"@type":"Organization","@id":"https:\/\/beade.es\/#organization","name":"Concello de Beade","url":"https:\/\/beade.es\/","logo":{"@type":"ImageObject","inLanguage":"es","@id":"https:\/\/beade.es\/#\/schema\/logo\/image\/","url":"https:\/\/beade.es\/wp-content\/uploads\/2018\/01\/logo-beade.png","contentUrl":"https:\/\/beade.es\/wp-content\/uploads\/2018\/01\/logo-beade.png","width":380,"height":110,"caption":"Concello de Beade"},"image":{"@id":"https:\/\/beade.es\/#\/schema\/logo\/image\/"}}]}},"_links":{"self":[{"href":"https:\/\/beade.es\/es\/wp-json\/wp\/v2\/pages\/711"}],"collection":[{"href":"https:\/\/beade.es\/es\/wp-json\/wp\/v2\/pages"}],"about":[{"href":"https:\/\/beade.es\/es\/wp-json\/wp\/v2\/types\/page"}],"author":[{"embeddable":true,"href":"https:\/\/beade.es\/es\/wp-json\/wp\/v2\/users\/2"}],"replies":[{"embeddable":true,"href":"https:\/\/beade.es\/es\/wp-json\/wp\/v2\/comments?post=711"}],"version-history":[{"count":0,"href":"https:\/\/beade.es\/es\/wp-json\/wp\/v2\/pages\/711\/revisions"}],"wp:attachment":[{"href":"https:\/\/beade.es\/es\/wp-json\/wp\/v2\/media?parent=711"}],"curies":[{"name":"wp","href":"https:\/\/api.w.org\/{rel}","templated":true}]}}