{"id":1210,"date":"2023-07-04T12:23:19","date_gmt":"2023-07-04T10:23:19","guid":{"rendered":"https:\/\/beade.es\/corporacion\/alejandro-lodeiro-rodriguez\/"},"modified":"2024-12-02T09:08:23","modified_gmt":"2024-12-02T08:08:23","slug":"alejandro-lodeiro-rodriguez","status":"publish","type":"lsvr_person","link":"https:\/\/beade.es\/es\/corporacion\/alejandro-lodeiro-rodriguez\/","title":{"rendered":"D\u00aa Silvia Rodr\u00edguez Ferro"},"content":{"rendered":"<ul>\n<li>Concejala de la Agrupaci\u00f3n Vecinal Independente de Electores (AVIDE) en el Ayuntamiento de Beade.<\/li>\n<li>Miembro de la Comisi\u00f3n Especial de Cuentas.<\/li>\n<\/ul>\n","protected":false},"excerpt":{"rendered":"<p>Concejala de la Agrupaci\u00f3n Vecinal Independente de Electores (AVIDE) en el Ayuntamiento de Beade. Miembro de la Comisi\u00f3n Especial de Cuentas.<\/p>\n","protected":false},"featured_media":0,"template":"","meta":[],"lsvr_person_cat":[28,26],"yoast_head":"<!-- This site is optimized with the Yoast SEO plugin v20.10 - https:\/\/yoast.com\/wordpress\/plugins\/seo\/ -->\n<title>D\u00aa Silvia Rodr\u00edguez Ferro | Concello de Beade<\/title>\n<meta name=\"robots\" content=\"index, follow, max-snippet:-1, max-image-preview:large, max-video-preview:-1\" \/>\n<link rel=\"canonical\" href=\"https:\/\/beade.es\/es\/corporacion\/alejandro-lodeiro-rodriguez\/\" \/>\n<meta property=\"og:locale\" content=\"es_ES\" \/>\n<meta property=\"og:type\" content=\"article\" \/>\n<meta property=\"og:title\" content=\"D\u00aa Silvia Rodr\u00edguez Ferro | Concello de Beade\" \/>\n<meta property=\"og:description\" content=\"Concejala de la Agrupaci\u00f3n Vecinal Independente de Electores (AVIDE) en el Ayuntamiento de Beade. Miembro de la Comisi\u00f3n Especial de Cuentas.\" \/>\n<meta property=\"og:url\" content=\"https:\/\/beade.es\/es\/corporacion\/alejandro-lodeiro-rodriguez\/\" \/>\n<meta property=\"og:site_name\" content=\"Concello de Beade\" \/>\n<meta property=\"article:modified_time\" content=\"2024-12-02T08:08:23+00:00\" \/>\n<meta name=\"twitter:card\" content=\"summary_large_image\" \/>\n<meta name=\"twitter:label1\" content=\"Tiempo de lectura\" \/>\n\t<meta name=\"twitter:data1\" content=\"1 minuto\" \/>\n<script type=\"application\/ld+json\" class=\"yoast-schema-graph\">{\"@context\":\"https:\/\/schema.org\",\"@graph\":[{\"@type\":\"WebPage\",\"@id\":\"https:\/\/beade.es\/es\/corporacion\/alejandro-lodeiro-rodriguez\/\",\"url\":\"https:\/\/beade.es\/es\/corporacion\/alejandro-lodeiro-rodriguez\/\",\"name\":\"D\u00aa Silvia Rodr\u00edguez Ferro | Concello de Beade\",\"isPartOf\":{\"@id\":\"https:\/\/beade.es\/#website\"},\"datePublished\":\"2023-07-04T10:23:19+00:00\",\"dateModified\":\"2024-12-02T08:08:23+00:00\",\"breadcrumb\":{\"@id\":\"https:\/\/beade.es\/es\/corporacion\/alejandro-lodeiro-rodriguez\/#breadcrumb\"},\"inLanguage\":\"es\",\"potentialAction\":[{\"@type\":\"ReadAction\",\"target\":[\"https:\/\/beade.es\/es\/corporacion\/alejandro-lodeiro-rodriguez\/\"]}]},{\"@type\":\"BreadcrumbList\",\"@id\":\"https:\/\/beade.es\/es\/corporacion\/alejandro-lodeiro-rodriguez\/#breadcrumb\",\"itemListElement\":[{\"@type\":\"ListItem\",\"position\":1,\"name\":\"Portada\",\"item\":\"https:\/\/beade.es\/es\/frontpage\/\"},{\"@type\":\"ListItem\",\"position\":2,\"name\":\"Corporaci\u00f3n\",\"item\":\"https:\/\/beade.es\/corporacion\/\"},{\"@type\":\"ListItem\",\"position\":3,\"name\":\"D\u00aa Silvia Rodr\u00edguez Ferro\"}]},{\"@type\":\"WebSite\",\"@id\":\"https:\/\/beade.es\/#website\",\"url\":\"https:\/\/beade.es\/\",\"name\":\"Concello de Beade\",\"description\":\"P\u00e1xina oficial do Concello de Beade\",\"publisher\":{\"@id\":\"https:\/\/beade.es\/#organization\"},\"potentialAction\":[{\"@type\":\"SearchAction\",\"target\":{\"@type\":\"EntryPoint\",\"urlTemplate\":\"https:\/\/beade.es\/?s={search_term_string}\"},\"query-input\":\"required name=search_term_string\"}],\"inLanguage\":\"es\"},{\"@type\":\"Organization\",\"@id\":\"https:\/\/beade.es\/#organization\",\"name\":\"Concello de Beade\",\"url\":\"https:\/\/beade.es\/\",\"logo\":{\"@type\":\"ImageObject\",\"inLanguage\":\"es\",\"@id\":\"https:\/\/beade.es\/#\/schema\/logo\/image\/\",\"url\":\"https:\/\/beade.es\/wp-content\/uploads\/2018\/01\/logo-beade.png\",\"contentUrl\":\"https:\/\/beade.es\/wp-content\/uploads\/2018\/01\/logo-beade.png\",\"width\":380,\"height\":110,\"caption\":\"Concello de Beade\"},\"image\":{\"@id\":\"https:\/\/beade.es\/#\/schema\/logo\/image\/\"}}]}<\/script>\n<!-- \/ Yoast SEO plugin. -->","yoast_head_json":{"title":"D\u00aa Silvia Rodr\u00edguez Ferro | Concello de Beade","robots":{"index":"index","follow":"follow","max-snippet":"max-snippet:-1","max-image-preview":"max-image-preview:large","max-video-preview":"max-video-preview:-1"},"canonical":"https:\/\/beade.es\/es\/corporacion\/alejandro-lodeiro-rodriguez\/","og_locale":"es_ES","og_type":"article","og_title":"D\u00aa Silvia Rodr\u00edguez Ferro | Concello de Beade","og_description":"Concejala de la Agrupaci\u00f3n Vecinal Independente de Electores (AVIDE) en el Ayuntamiento de Beade. Miembro de la Comisi\u00f3n Especial de Cuentas.","og_url":"https:\/\/beade.es\/es\/corporacion\/alejandro-lodeiro-rodriguez\/","og_site_name":"Concello de Beade","article_modified_time":"2024-12-02T08:08:23+00:00","twitter_card":"summary_large_image","twitter_misc":{"Tiempo de lectura":"1 minuto"},"schema":{"@context":"https:\/\/schema.org","@graph":[{"@type":"WebPage","@id":"https:\/\/beade.es\/es\/corporacion\/alejandro-lodeiro-rodriguez\/","url":"https:\/\/beade.es\/es\/corporacion\/alejandro-lodeiro-rodriguez\/","name":"D\u00aa Silvia Rodr\u00edguez Ferro | Concello de Beade","isPartOf":{"@id":"https:\/\/beade.es\/#website"},"datePublished":"2023-07-04T10:23:19+00:00","dateModified":"2024-12-02T08:08:23+00:00","breadcrumb":{"@id":"https:\/\/beade.es\/es\/corporacion\/alejandro-lodeiro-rodriguez\/#breadcrumb"},"inLanguage":"es","potentialAction":[{"@type":"ReadAction","target":["https:\/\/beade.es\/es\/corporacion\/alejandro-lodeiro-rodriguez\/"]}]},{"@type":"BreadcrumbList","@id":"https:\/\/beade.es\/es\/corporacion\/alejandro-lodeiro-rodriguez\/#breadcrumb","itemListElement":[{"@type":"ListItem","position":1,"name":"Portada","item":"https:\/\/beade.es\/es\/frontpage\/"},{"@type":"ListItem","position":2,"name":"Corporaci\u00f3n","item":"https:\/\/beade.es\/corporacion\/"},{"@type":"ListItem","position":3,"name":"D\u00aa Silvia Rodr\u00edguez Ferro"}]},{"@type":"WebSite","@id":"https:\/\/beade.es\/#website","url":"https:\/\/beade.es\/","name":"Concello de Beade","description":"P\u00e1xina oficial do Concello de Beade","publisher":{"@id":"https:\/\/beade.es\/#organization"},"potentialAction":[{"@type":"SearchAction","target":{"@type":"EntryPoint","urlTemplate":"https:\/\/beade.es\/?s={search_term_string}"},"query-input":"required name=search_term_string"}],"inLanguage":"es"},{"@type":"Organization","@id":"https:\/\/beade.es\/#organization","name":"Concello de Beade","url":"https:\/\/beade.es\/","logo":{"@type":"ImageObject","inLanguage":"es","@id":"https:\/\/beade.es\/#\/schema\/logo\/image\/","url":"https:\/\/beade.es\/wp-content\/uploads\/2018\/01\/logo-beade.png","contentUrl":"https:\/\/beade.es\/wp-content\/uploads\/2018\/01\/logo-beade.png","width":380,"height":110,"caption":"Concello de Beade"},"image":{"@id":"https:\/\/beade.es\/#\/schema\/logo\/image\/"}}]}},"_links":{"self":[{"href":"https:\/\/beade.es\/es\/wp-json\/wp\/v2\/lsvr_person\/1210"}],"collection":[{"href":"https:\/\/beade.es\/es\/wp-json\/wp\/v2\/lsvr_person"}],"about":[{"href":"https:\/\/beade.es\/es\/wp-json\/wp\/v2\/types\/lsvr_person"}],"wp:attachment":[{"href":"https:\/\/beade.es\/es\/wp-json\/wp\/v2\/media?parent=1210"}],"wp:term":[{"taxonomy":"lsvr_person_cat","embeddable":true,"href":"https:\/\/beade.es\/es\/wp-json\/wp\/v2\/lsvr_person_cat?post=1210"}],"curies":[{"name":"wp","href":"https:\/\/api.w.org\/{rel}","templated":true}]}}